{"id":4685,"date":"2023-01-24T18:17:24","date_gmt":"2023-01-24T18:17:24","guid":{"rendered":"https:\/\/ton.connectingminds.net\/product\/comunitat-valenciana-orbea\/"},"modified":"2026-01-28T12:01:24","modified_gmt":"2026-01-28T11:01:24","slug":"communaute-valencienne-dorbea","status":"publish","type":"product","link":"https:\/\/tonmerckxwielershirts.nl\/fr\/retro-wielershirt\/comunitat-valenciana-orbea\/","title":{"rendered":"COMUNITAT VALENCIANA (b)-MAILLOT DE CYCLISME ORBEA 2006"},"content":{"rendered":"<p>La Comunitat Valenciana est la continuation de l&#039;\u00e9quipe KELME qui s&#039;est arr\u00eat\u00e9e quelques ann\u00e9es plus t\u00f4t.<\/p>\n<p>A la suite de quelques autres \u00e9quipes, l&#039;\u00e9quipe du COMINITAT VALENCIANA a d\u00e9cid\u00e9 de se dissoudre fin ao\u00fbt 2006.<\/p>\n<p>Cela est d\u00fb \u00e0 la publicit\u00e9 n\u00e9gative et \u00e0 l&#039;image n\u00e9gative du cyclisme entourant tout le scandale de dopage de FUENTES.<\/p>\n<p>L&#039;\u00e9quipe a jou\u00e9 un r\u00f4le important dans tout ce processus et n&#039;a donc pas re\u00e7u d&#039;autorisation de d\u00e9part pour le TOUR DE FRANCE et la VUELTA D ESPANA.<\/p>\n<p>Les 24 coureurs et le personnel de soutien se sont retrouv\u00e9s sans travail. Que peut apporter un tel scandale de dopage !!!<\/p>","protected":false},"excerpt":{"rendered":"<p>De Comunitat Valenciana is een voortzetting van de KELME ploeg die enige jaren eerder stopte. In navolging van enkele andere ploegen heeft de COMINITAT VALENCIANA ploeg besloten om de ploeg eind Augustus 2006 op te heffen. Dit vanwege de negatieve publiciteit en het negatieve imago van de wielersport rondom het hele FUENTES doping schandaal. De [&hellip;]<\/p>\n","protected":false},"featured_media":4684,"template":"","meta":[],"product_brand":[],"product_cat":[151],"product_tag":[],"class_list":{"0":"post-4685","1":"product","2":"type-product","3":"status-publish","4":"has-post-thumbnail","6":"product_cat-pro-team","8":"first","9":"onbackorder","10":"taxable","11":"shipping-taxable","12":"purchasable","13":"product-type-variable"},"yoast_head":"<!-- This site is optimized with the Yoast SEO plugin v27.5 - https:\/\/yoast.com\/product\/yoast-seo-wordpress\/ -->\n<title>COMUNITAT VALENCIANA (b)-ORBEA  2006  WIELERSHIRT - Ton Merckx Wielershirts - Rondreis door de wereld van wielershirts<\/title>\n<meta name=\"robots\" content=\"index, follow, max-snippet:-1, max-image-preview:large, max-video-preview:-1\" \/>\n<link rel=\"canonical\" href=\"https:\/\/tonmerckxwielershirts.nl\/fr\/maillot-de-cyclisme-retro\/communaute-valencienne-dorbea\/\" \/>\n<meta property=\"og:locale\" content=\"fr_FR\" \/>\n<meta property=\"og:type\" content=\"article\" \/>\n<meta property=\"og:title\" content=\"COMUNITAT VALENCIANA (b)-ORBEA  2006  WIELERSHIRT - Ton Merckx Wielershirts - Rondreis door de wereld van wielershirts\" \/>\n<meta property=\"og:description\" content=\"De Comunitat Valenciana is een voortzetting van de KELME ploeg die enige jaren eerder stopte. In navolging van enkele andere ploegen heeft de COMINITAT VALENCIANA ploeg besloten om de ploeg eind Augustus 2006 op te heffen. Dit vanwege de negatieve publiciteit en het negatieve imago van de wielersport rondom het hele FUENTES doping schandaal. De [&hellip;]\" \/>\n<meta property=\"og:url\" content=\"https:\/\/tonmerckxwielershirts.nl\/fr\/maillot-de-cyclisme-retro\/communaute-valencienne-dorbea\/\" \/>\n<meta property=\"og:site_name\" content=\"Ton Merckx Wielershirts - Rondreis door de wereld van wielershirts\" \/>\n<meta property=\"article:modified_time\" content=\"2026-01-28T11:01:24+00:00\" \/>\n<meta property=\"og:image\" content=\"https:\/\/tonmerckxwielershirts.nl\/wp-content\/uploads\/2023\/01\/SSA43781.jpg\" \/>\n\t<meta property=\"og:image:width\" content=\"1704\" \/>\n\t<meta property=\"og:image:height\" content=\"2272\" \/>\n\t<meta property=\"og:image:type\" content=\"image\/jpeg\" \/>\n<meta name=\"twitter:card\" content=\"summary_large_image\" \/>\n<meta name=\"twitter:label1\" content=\"Dur\u00e9e de lecture estim\u00e9e\" \/>\n\t<meta name=\"twitter:data1\" content=\"1 minute\" \/>\n<script type=\"application\/ld+json\" class=\"yoast-schema-graph\">{\"@context\":\"https:\\\/\\\/schema.org\",\"@graph\":[{\"@type\":\"WebPage\",\"@id\":\"https:\\\/\\\/tonmerckxwielershirts.nl\\\/it\\\/maglia-da-ciclismo-retro\\\/comunita-valenciana-orbea\\\/\",\"url\":\"https:\\\/\\\/tonmerckxwielershirts.nl\\\/it\\\/maglia-da-ciclismo-retro\\\/comunita-valenciana-orbea\\\/\",\"name\":\"COMUNITAT VALENCIANA (b)-ORBEA 2006 WIELERSHIRT - Ton Merckx Wielershirts - Rondreis door de wereld van wielershirts\",\"isPartOf\":{\"@id\":\"https:\\\/\\\/www.tonmerckxwielershirts.nl\\\/es\\\/#website\"},\"primaryImageOfPage\":{\"@id\":\"https:\\\/\\\/tonmerckxwielershirts.nl\\\/it\\\/maglia-da-ciclismo-retro\\\/comunita-valenciana-orbea\\\/#primaryimage\"},\"image\":{\"@id\":\"https:\\\/\\\/tonmerckxwielershirts.nl\\\/it\\\/maglia-da-ciclismo-retro\\\/comunita-valenciana-orbea\\\/#primaryimage\"},\"thumbnailUrl\":\"https:\\\/\\\/tonmerckxwielershirts.nl\\\/wp-content\\\/uploads\\\/2023\\\/01\\\/SSA43781.jpg\",\"datePublished\":\"2023-01-24T18:17:24+00:00\",\"dateModified\":\"2026-01-28T11:01:24+00:00\",\"breadcrumb\":{\"@id\":\"https:\\\/\\\/tonmerckxwielershirts.nl\\\/it\\\/maglia-da-ciclismo-retro\\\/comunita-valenciana-orbea\\\/#breadcrumb\"},\"inLanguage\":\"fr-FR\",\"potentialAction\":[{\"@type\":\"ReadAction\",\"target\":[\"https:\\\/\\\/tonmerckxwielershirts.nl\\\/it\\\/maglia-da-ciclismo-retro\\\/comunita-valenciana-orbea\\\/\"]}]},{\"@type\":\"ImageObject\",\"inLanguage\":\"fr-FR\",\"@id\":\"https:\\\/\\\/tonmerckxwielershirts.nl\\\/it\\\/maglia-da-ciclismo-retro\\\/comunita-valenciana-orbea\\\/#primaryimage\",\"url\":\"https:\\\/\\\/tonmerckxwielershirts.nl\\\/wp-content\\\/uploads\\\/2023\\\/01\\\/SSA43781.jpg\",\"contentUrl\":\"https:\\\/\\\/tonmerckxwielershirts.nl\\\/wp-content\\\/uploads\\\/2023\\\/01\\\/SSA43781.jpg\",\"width\":1704,\"height\":2272},{\"@type\":\"BreadcrumbList\",\"@id\":\"https:\\\/\\\/tonmerckxwielershirts.nl\\\/it\\\/maglia-da-ciclismo-retro\\\/comunita-valenciana-orbea\\\/#breadcrumb\",\"itemListElement\":[{\"@type\":\"ListItem\",\"position\":1,\"name\":\"Home\",\"item\":\"https:\\\/\\\/www.tonmerckxwielershirts.nl\\\/es\\\/\"},{\"@type\":\"ListItem\",\"position\":2,\"name\":\"Retro wielershirts\",\"item\":\"https:\\\/\\\/www.tonmerckxwielershirts.nl\\\/es\\\/camisetas-de-ciclismo-retro\\\/\"},{\"@type\":\"ListItem\",\"position\":3,\"name\":\"COMUNITAT VALENCIANA (b)-ORBEA 2006 WIELERSHIRT\"}]},{\"@type\":\"WebSite\",\"@id\":\"https:\\\/\\\/www.tonmerckxwielershirts.nl\\\/es\\\/#website\",\"url\":\"https:\\\/\\\/www.tonmerckxwielershirts.nl\\\/es\\\/\",\"name\":\"Ton Merckx Wielershirts - Rondreis door de wereld van wielershirts\",\"description\":\"thousands of original cycling jerseys - order your replica!\",\"publisher\":{\"@id\":\"https:\\\/\\\/www.tonmerckxwielershirts.nl\\\/es\\\/#organization\"},\"potentialAction\":[{\"@type\":\"SearchAction\",\"target\":{\"@type\":\"EntryPoint\",\"urlTemplate\":\"https:\\\/\\\/www.tonmerckxwielershirts.nl\\\/es\\\/?s={search_term_string}\"},\"query-input\":{\"@type\":\"PropertyValueSpecification\",\"valueRequired\":true,\"valueName\":\"search_term_string\"}}],\"inLanguage\":\"fr-FR\"},{\"@type\":\"Organization\",\"@id\":\"https:\\\/\\\/www.tonmerckxwielershirts.nl\\\/es\\\/#organization\",\"name\":\"Ton Merckx Wielershirts - Rondreis door de wereld van wielershirts\",\"url\":\"https:\\\/\\\/www.tonmerckxwielershirts.nl\\\/es\\\/\",\"logo\":{\"@type\":\"ImageObject\",\"inLanguage\":\"fr-FR\",\"@id\":\"https:\\\/\\\/www.tonmerckxwielershirts.nl\\\/es\\\/#\\\/schema\\\/logo\\\/image\\\/\",\"url\":\"https:\\\/\\\/tonmerckxwielershirts.nl\\\/wp-content\\\/uploads\\\/2023\\\/03\\\/ton-merckx-logo.jpg\",\"contentUrl\":\"https:\\\/\\\/tonmerckxwielershirts.nl\\\/wp-content\\\/uploads\\\/2023\\\/03\\\/ton-merckx-logo.jpg\",\"width\":391,\"height\":57,\"caption\":\"Ton Merckx Wielershirts - Rondreis door de wereld van wielershirts\"},\"image\":{\"@id\":\"https:\\\/\\\/www.tonmerckxwielershirts.nl\\\/es\\\/#\\\/schema\\\/logo\\\/image\\\/\"}}]}<\/script>\n<!-- \/ Yoast SEO plugin. -->","yoast_head_json":{"title":"COMUNITAT VALENCIANA (b)-MAILLOT DE CYCLISME ORBEA 2006 - Maillots de cyclisme Ton Merckx - Tour \u00e0 travers le monde des maillots de cyclisme","robots":{"index":"index","follow":"follow","max-snippet":"max-snippet:-1","max-image-preview":"max-image-preview:large","max-video-preview":"max-video-preview:-1"},"canonical":"https:\/\/tonmerckxwielershirts.nl\/fr\/maillot-de-cyclisme-retro\/communaute-valencienne-dorbea\/","og_locale":"fr_FR","og_type":"article","og_title":"COMUNITAT VALENCIANA (b)-ORBEA  2006  WIELERSHIRT - Ton Merckx Wielershirts - Rondreis door de wereld van wielershirts","og_description":"De Comunitat Valenciana is een voortzetting van de KELME ploeg die enige jaren eerder stopte. In navolging van enkele andere ploegen heeft de COMINITAT VALENCIANA ploeg besloten om de ploeg eind Augustus 2006 op te heffen. Dit vanwege de negatieve publiciteit en het negatieve imago van de wielersport rondom het hele FUENTES doping schandaal. De [&hellip;]","og_url":"https:\/\/tonmerckxwielershirts.nl\/fr\/maillot-de-cyclisme-retro\/communaute-valencienne-dorbea\/","og_site_name":"Ton Merckx Wielershirts - Rondreis door de wereld van wielershirts","article_modified_time":"2026-01-28T11:01:24+00:00","og_image":[{"width":1704,"height":2272,"url":"https:\/\/tonmerckxwielershirts.nl\/wp-content\/uploads\/2023\/01\/SSA43781.jpg","type":"image\/jpeg"}],"twitter_card":"summary_large_image","twitter_misc":{"Dur\u00e9e de lecture estim\u00e9e":"1 minute"},"schema":{"@context":"https:\/\/schema.org","@graph":[{"@type":"WebPage","@id":"https:\/\/tonmerckxwielershirts.nl\/it\/maglia-da-ciclismo-retro\/comunita-valenciana-orbea\/","url":"https:\/\/tonmerckxwielershirts.nl\/it\/maglia-da-ciclismo-retro\/comunita-valenciana-orbea\/","name":"COMUNITAT VALENCIANA (b)-MAILLOT DE CYCLISME ORBEA 2006 - Maillots de cyclisme Ton Merckx - Tour \u00e0 travers le monde des maillots de cyclisme","isPartOf":{"@id":"https:\/\/www.tonmerckxwielershirts.nl\/es\/#website"},"primaryImageOfPage":{"@id":"https:\/\/tonmerckxwielershirts.nl\/it\/maglia-da-ciclismo-retro\/comunita-valenciana-orbea\/#primaryimage"},"image":{"@id":"https:\/\/tonmerckxwielershirts.nl\/it\/maglia-da-ciclismo-retro\/comunita-valenciana-orbea\/#primaryimage"},"thumbnailUrl":"https:\/\/tonmerckxwielershirts.nl\/wp-content\/uploads\/2023\/01\/SSA43781.jpg","datePublished":"2023-01-24T18:17:24+00:00","dateModified":"2026-01-28T11:01:24+00:00","breadcrumb":{"@id":"https:\/\/tonmerckxwielershirts.nl\/it\/maglia-da-ciclismo-retro\/comunita-valenciana-orbea\/#breadcrumb"},"inLanguage":"fr-FR","potentialAction":[{"@type":"ReadAction","target":["https:\/\/tonmerckxwielershirts.nl\/it\/maglia-da-ciclismo-retro\/comunita-valenciana-orbea\/"]}]},{"@type":"ImageObject","inLanguage":"fr-FR","@id":"https:\/\/tonmerckxwielershirts.nl\/it\/maglia-da-ciclismo-retro\/comunita-valenciana-orbea\/#primaryimage","url":"https:\/\/tonmerckxwielershirts.nl\/wp-content\/uploads\/2023\/01\/SSA43781.jpg","contentUrl":"https:\/\/tonmerckxwielershirts.nl\/wp-content\/uploads\/2023\/01\/SSA43781.jpg","width":1704,"height":2272},{"@type":"BreadcrumbList","@id":"https:\/\/tonmerckxwielershirts.nl\/it\/maglia-da-ciclismo-retro\/comunita-valenciana-orbea\/#breadcrumb","itemListElement":[{"@type":"ListItem","position":1,"name":"Home","item":"https:\/\/www.tonmerckxwielershirts.nl\/es\/"},{"@type":"ListItem","position":2,"name":"Retro wielershirts","item":"https:\/\/www.tonmerckxwielershirts.nl\/es\/camisetas-de-ciclismo-retro\/"},{"@type":"ListItem","position":3,"name":"COMUNITAT VALENCIANA (b)-ORBEA 2006 WIELERSHIRT"}]},{"@type":"WebSite","@id":"https:\/\/www.tonmerckxwielershirts.nl\/es\/#website","url":"https:\/\/www.tonmerckxwielershirts.nl\/es\/","name":"Chemises de cyclisme Ton Merckx - Tour \u00e0 travers le monde des chemises de cyclisme","description":"des milliers de maillots de cyclisme originaux - commandez votre r\u00e9plique !","publisher":{"@id":"https:\/\/www.tonmerckxwielershirts.nl\/es\/#organization"},"potentialAction":[{"@type":"SearchAction","target":{"@type":"EntryPoint","urlTemplate":"https:\/\/www.tonmerckxwielershirts.nl\/es\/?s={search_term_string}"},"query-input":{"@type":"PropertyValueSpecification","valueRequired":true,"valueName":"search_term_string"}}],"inLanguage":"fr-FR"},{"@type":"Organization","@id":"https:\/\/www.tonmerckxwielershirts.nl\/es\/#organization","name":"Chemises de cyclisme Ton Merckx - Tour \u00e0 travers le monde des chemises de cyclisme","url":"https:\/\/www.tonmerckxwielershirts.nl\/es\/","logo":{"@type":"ImageObject","inLanguage":"fr-FR","@id":"https:\/\/www.tonmerckxwielershirts.nl\/es\/#\/schema\/logo\/image\/","url":"https:\/\/tonmerckxwielershirts.nl\/wp-content\/uploads\/2023\/03\/ton-merckx-logo.jpg","contentUrl":"https:\/\/tonmerckxwielershirts.nl\/wp-content\/uploads\/2023\/03\/ton-merckx-logo.jpg","width":391,"height":57,"caption":"Ton Merckx Wielershirts - Rondreis door de wereld van wielershirts"},"image":{"@id":"https:\/\/www.tonmerckxwielershirts.nl\/es\/#\/schema\/logo\/image\/"}}]}},"_links":{"self":[{"href":"https:\/\/tonmerckxwielershirts.nl\/fr\/wp-json\/wp\/v2\/product\/4685","targetHints":{"allow":["GET"]}}],"collection":[{"href":"https:\/\/tonmerckxwielershirts.nl\/fr\/wp-json\/wp\/v2\/product"}],"about":[{"href":"https:\/\/tonmerckxwielershirts.nl\/fr\/wp-json\/wp\/v2\/types\/product"}],"wp:featuredmedia":[{"embeddable":true,"href":"https:\/\/tonmerckxwielershirts.nl\/fr\/wp-json\/wp\/v2\/media\/4684"}],"wp:attachment":[{"href":"https:\/\/tonmerckxwielershirts.nl\/fr\/wp-json\/wp\/v2\/media?parent=4685"}],"wp:term":[{"taxonomy":"product_brand","embeddable":true,"href":"https:\/\/tonmerckxwielershirts.nl\/fr\/wp-json\/wp\/v2\/product_brand?post=4685"},{"taxonomy":"product_cat","embeddable":true,"href":"https:\/\/tonmerckxwielershirts.nl\/fr\/wp-json\/wp\/v2\/product_cat?post=4685"},{"taxonomy":"product_tag","embeddable":true,"href":"https:\/\/tonmerckxwielershirts.nl\/fr\/wp-json\/wp\/v2\/product_tag?post=4685"}],"curies":[{"name":"wp","href":"https:\/\/api.w.org\/{rel}","templated":true}]}}