{"id":4685,"date":"2023-01-24T18:17:24","date_gmt":"2023-01-24T18:17:24","guid":{"rendered":"https:\/\/ton.connectingminds.net\/product\/comunitat-valenciana-orbea\/"},"modified":"2026-01-28T12:01:24","modified_gmt":"2026-01-28T11:01:24","slug":"comunita-valenciana-orbea","status":"publish","type":"product","link":"https:\/\/tonmerckxwielershirts.nl\/it\/retro-wielershirt\/comunitat-valenciana-orbea\/","title":{"rendered":"MAGLIA CICLISMO COMUNITAT VALENCIANA (b)-ORBEA 2006"},"content":{"rendered":"<p>La Comunitat Valenciana \u00e8 la continuazione del team KELME interrotto qualche anno prima.<\/p>\n<p>Dopo alcune altre squadre, la squadra del COMINITAT VALENCIANA ha deciso di sciogliersi alla fine di agosto 2006.<\/p>\n<p>Ci\u00f2 \u00e8 dovuto alla pubblicit\u00e0 negativa e all&#039;immagine negativa del ciclismo che circonda l&#039;intero scandalo doping FUENTES.<\/p>\n<p>La squadra ha svolto un ruolo importante in tutto questo processo e quindi non ha ricevuto il permesso di partenza per il TOUR DE FRANCE e la VUELTA D ESPANA.<\/p>\n<p>Tutti i 24 corridori e il personale di supporto sono rimasti senza lavoro. Cosa pu\u00f2 comportare un simile scandalo doping!!!<\/p>","protected":false},"excerpt":{"rendered":"<p>De Comunitat Valenciana is een voortzetting van de KELME ploeg die enige jaren eerder stopte. In navolging van enkele andere ploegen heeft de COMINITAT VALENCIANA ploeg besloten om de ploeg eind Augustus 2006 op te heffen. Dit vanwege de negatieve publiciteit en het negatieve imago van de wielersport rondom het hele FUENTES doping schandaal. De [&hellip;]<\/p>\n","protected":false},"featured_media":4684,"template":"","meta":[],"product_brand":[],"product_cat":[151],"product_tag":[],"class_list":{"0":"post-4685","1":"product","2":"type-product","3":"status-publish","4":"has-post-thumbnail","6":"product_cat-pro-team","8":"first","9":"onbackorder","10":"taxable","11":"shipping-taxable","12":"purchasable","13":"product-type-variable"},"yoast_head":"<!-- This site is optimized with the Yoast SEO plugin v27.5 - https:\/\/yoast.com\/product\/yoast-seo-wordpress\/ -->\n<title>COMUNITAT VALENCIANA (b)-ORBEA  2006  WIELERSHIRT - Ton Merckx Wielershirts - Rondreis door de wereld van wielershirts<\/title>\n<meta name=\"robots\" content=\"index, follow, max-snippet:-1, max-image-preview:large, max-video-preview:-1\" \/>\n<link rel=\"canonical\" href=\"https:\/\/tonmerckxwielershirts.nl\/it\/maglia-da-ciclismo-retro\/comunita-valenciana-orbea\/\" \/>\n<meta property=\"og:locale\" content=\"it_IT\" \/>\n<meta property=\"og:type\" content=\"article\" \/>\n<meta property=\"og:title\" content=\"COMUNITAT VALENCIANA (b)-ORBEA  2006  WIELERSHIRT - Ton Merckx Wielershirts - Rondreis door de wereld van wielershirts\" \/>\n<meta property=\"og:description\" content=\"De Comunitat Valenciana is een voortzetting van de KELME ploeg die enige jaren eerder stopte. In navolging van enkele andere ploegen heeft de COMINITAT VALENCIANA ploeg besloten om de ploeg eind Augustus 2006 op te heffen. Dit vanwege de negatieve publiciteit en het negatieve imago van de wielersport rondom het hele FUENTES doping schandaal. De [&hellip;]\" \/>\n<meta property=\"og:url\" content=\"https:\/\/tonmerckxwielershirts.nl\/it\/maglia-da-ciclismo-retro\/comunita-valenciana-orbea\/\" \/>\n<meta property=\"og:site_name\" content=\"Ton Merckx Wielershirts - Rondreis door de wereld van wielershirts\" \/>\n<meta property=\"article:modified_time\" content=\"2026-01-28T11:01:24+00:00\" \/>\n<meta property=\"og:image\" content=\"https:\/\/tonmerckxwielershirts.nl\/wp-content\/uploads\/2023\/01\/SSA43781.jpg\" \/>\n\t<meta property=\"og:image:width\" content=\"1704\" \/>\n\t<meta property=\"og:image:height\" content=\"2272\" \/>\n\t<meta property=\"og:image:type\" content=\"image\/jpeg\" \/>\n<meta name=\"twitter:card\" content=\"summary_large_image\" \/>\n<meta name=\"twitter:label1\" content=\"Tempo di lettura stimato\" \/>\n\t<meta name=\"twitter:data1\" content=\"1 minuto\" \/>\n<script type=\"application\/ld+json\" class=\"yoast-schema-graph\">{\"@context\":\"https:\\\/\\\/schema.org\",\"@graph\":[{\"@type\":\"WebPage\",\"@id\":\"https:\\\/\\\/tonmerckxwielershirts.nl\\\/it\\\/maglia-da-ciclismo-retro\\\/comunita-valenciana-orbea\\\/\",\"url\":\"https:\\\/\\\/tonmerckxwielershirts.nl\\\/it\\\/maglia-da-ciclismo-retro\\\/comunita-valenciana-orbea\\\/\",\"name\":\"COMUNITAT VALENCIANA (b)-ORBEA 2006 WIELERSHIRT - Ton Merckx Wielershirts - Rondreis door de wereld van wielershirts\",\"isPartOf\":{\"@id\":\"https:\\\/\\\/www.tonmerckxwielershirts.nl\\\/es\\\/#website\"},\"primaryImageOfPage\":{\"@id\":\"https:\\\/\\\/tonmerckxwielershirts.nl\\\/it\\\/maglia-da-ciclismo-retro\\\/comunita-valenciana-orbea\\\/#primaryimage\"},\"image\":{\"@id\":\"https:\\\/\\\/tonmerckxwielershirts.nl\\\/it\\\/maglia-da-ciclismo-retro\\\/comunita-valenciana-orbea\\\/#primaryimage\"},\"thumbnailUrl\":\"https:\\\/\\\/tonmerckxwielershirts.nl\\\/wp-content\\\/uploads\\\/2023\\\/01\\\/SSA43781.jpg\",\"datePublished\":\"2023-01-24T18:17:24+00:00\",\"dateModified\":\"2026-01-28T11:01:24+00:00\",\"breadcrumb\":{\"@id\":\"https:\\\/\\\/tonmerckxwielershirts.nl\\\/it\\\/maglia-da-ciclismo-retro\\\/comunita-valenciana-orbea\\\/#breadcrumb\"},\"inLanguage\":\"it-IT\",\"potentialAction\":[{\"@type\":\"ReadAction\",\"target\":[\"https:\\\/\\\/tonmerckxwielershirts.nl\\\/it\\\/maglia-da-ciclismo-retro\\\/comunita-valenciana-orbea\\\/\"]}]},{\"@type\":\"ImageObject\",\"inLanguage\":\"it-IT\",\"@id\":\"https:\\\/\\\/tonmerckxwielershirts.nl\\\/it\\\/maglia-da-ciclismo-retro\\\/comunita-valenciana-orbea\\\/#primaryimage\",\"url\":\"https:\\\/\\\/tonmerckxwielershirts.nl\\\/wp-content\\\/uploads\\\/2023\\\/01\\\/SSA43781.jpg\",\"contentUrl\":\"https:\\\/\\\/tonmerckxwielershirts.nl\\\/wp-content\\\/uploads\\\/2023\\\/01\\\/SSA43781.jpg\",\"width\":1704,\"height\":2272},{\"@type\":\"BreadcrumbList\",\"@id\":\"https:\\\/\\\/tonmerckxwielershirts.nl\\\/it\\\/maglia-da-ciclismo-retro\\\/comunita-valenciana-orbea\\\/#breadcrumb\",\"itemListElement\":[{\"@type\":\"ListItem\",\"position\":1,\"name\":\"Home\",\"item\":\"https:\\\/\\\/www.tonmerckxwielershirts.nl\\\/es\\\/\"},{\"@type\":\"ListItem\",\"position\":2,\"name\":\"Retro wielershirts\",\"item\":\"https:\\\/\\\/www.tonmerckxwielershirts.nl\\\/es\\\/camisetas-de-ciclismo-retro\\\/\"},{\"@type\":\"ListItem\",\"position\":3,\"name\":\"COMUNITAT VALENCIANA (b)-ORBEA 2006 WIELERSHIRT\"}]},{\"@type\":\"WebSite\",\"@id\":\"https:\\\/\\\/www.tonmerckxwielershirts.nl\\\/es\\\/#website\",\"url\":\"https:\\\/\\\/www.tonmerckxwielershirts.nl\\\/es\\\/\",\"name\":\"Ton Merckx Wielershirts - Rondreis door de wereld van wielershirts\",\"description\":\"thousands of original cycling jerseys - order your replica!\",\"publisher\":{\"@id\":\"https:\\\/\\\/www.tonmerckxwielershirts.nl\\\/es\\\/#organization\"},\"potentialAction\":[{\"@type\":\"SearchAction\",\"target\":{\"@type\":\"EntryPoint\",\"urlTemplate\":\"https:\\\/\\\/www.tonmerckxwielershirts.nl\\\/es\\\/?s={search_term_string}\"},\"query-input\":{\"@type\":\"PropertyValueSpecification\",\"valueRequired\":true,\"valueName\":\"search_term_string\"}}],\"inLanguage\":\"it-IT\"},{\"@type\":\"Organization\",\"@id\":\"https:\\\/\\\/www.tonmerckxwielershirts.nl\\\/es\\\/#organization\",\"name\":\"Ton Merckx Wielershirts - Rondreis door de wereld van wielershirts\",\"url\":\"https:\\\/\\\/www.tonmerckxwielershirts.nl\\\/es\\\/\",\"logo\":{\"@type\":\"ImageObject\",\"inLanguage\":\"it-IT\",\"@id\":\"https:\\\/\\\/www.tonmerckxwielershirts.nl\\\/es\\\/#\\\/schema\\\/logo\\\/image\\\/\",\"url\":\"https:\\\/\\\/tonmerckxwielershirts.nl\\\/wp-content\\\/uploads\\\/2023\\\/03\\\/ton-merckx-logo.jpg\",\"contentUrl\":\"https:\\\/\\\/tonmerckxwielershirts.nl\\\/wp-content\\\/uploads\\\/2023\\\/03\\\/ton-merckx-logo.jpg\",\"width\":391,\"height\":57,\"caption\":\"Ton Merckx Wielershirts - Rondreis door de wereld van wielershirts\"},\"image\":{\"@id\":\"https:\\\/\\\/www.tonmerckxwielershirts.nl\\\/es\\\/#\\\/schema\\\/logo\\\/image\\\/\"}}]}<\/script>\n<!-- \/ Yoast SEO plugin. -->","yoast_head_json":{"title":"MAGLIA CICLISMO COMUNITAT VALENCIANA (b)-ORBEA 2006 - Maglie ciclismo Ton Merckx - Viaggio nel mondo delle maglie ciclismo","robots":{"index":"index","follow":"follow","max-snippet":"max-snippet:-1","max-image-preview":"max-image-preview:large","max-video-preview":"max-video-preview:-1"},"canonical":"https:\/\/tonmerckxwielershirts.nl\/it\/maglia-da-ciclismo-retro\/comunita-valenciana-orbea\/","og_locale":"it_IT","og_type":"article","og_title":"COMUNITAT VALENCIANA (b)-ORBEA  2006  WIELERSHIRT - Ton Merckx Wielershirts - Rondreis door de wereld van wielershirts","og_description":"De Comunitat Valenciana is een voortzetting van de KELME ploeg die enige jaren eerder stopte. In navolging van enkele andere ploegen heeft de COMINITAT VALENCIANA ploeg besloten om de ploeg eind Augustus 2006 op te heffen. Dit vanwege de negatieve publiciteit en het negatieve imago van de wielersport rondom het hele FUENTES doping schandaal. De [&hellip;]","og_url":"https:\/\/tonmerckxwielershirts.nl\/it\/maglia-da-ciclismo-retro\/comunita-valenciana-orbea\/","og_site_name":"Ton Merckx Wielershirts - Rondreis door de wereld van wielershirts","article_modified_time":"2026-01-28T11:01:24+00:00","og_image":[{"width":1704,"height":2272,"url":"https:\/\/tonmerckxwielershirts.nl\/wp-content\/uploads\/2023\/01\/SSA43781.jpg","type":"image\/jpeg"}],"twitter_card":"summary_large_image","twitter_misc":{"Tempo di lettura stimato":"1 minuto"},"schema":{"@context":"https:\/\/schema.org","@graph":[{"@type":"WebPage","@id":"https:\/\/tonmerckxwielershirts.nl\/it\/maglia-da-ciclismo-retro\/comunita-valenciana-orbea\/","url":"https:\/\/tonmerckxwielershirts.nl\/it\/maglia-da-ciclismo-retro\/comunita-valenciana-orbea\/","name":"MAGLIA CICLISMO COMUNITAT VALENCIANA (b)-ORBEA 2006 - Maglie ciclismo Ton Merckx - Viaggio nel mondo delle maglie ciclismo","isPartOf":{"@id":"https:\/\/www.tonmerckxwielershirts.nl\/es\/#website"},"primaryImageOfPage":{"@id":"https:\/\/tonmerckxwielershirts.nl\/it\/maglia-da-ciclismo-retro\/comunita-valenciana-orbea\/#primaryimage"},"image":{"@id":"https:\/\/tonmerckxwielershirts.nl\/it\/maglia-da-ciclismo-retro\/comunita-valenciana-orbea\/#primaryimage"},"thumbnailUrl":"https:\/\/tonmerckxwielershirts.nl\/wp-content\/uploads\/2023\/01\/SSA43781.jpg","datePublished":"2023-01-24T18:17:24+00:00","dateModified":"2026-01-28T11:01:24+00:00","breadcrumb":{"@id":"https:\/\/tonmerckxwielershirts.nl\/it\/maglia-da-ciclismo-retro\/comunita-valenciana-orbea\/#breadcrumb"},"inLanguage":"it-IT","potentialAction":[{"@type":"ReadAction","target":["https:\/\/tonmerckxwielershirts.nl\/it\/maglia-da-ciclismo-retro\/comunita-valenciana-orbea\/"]}]},{"@type":"ImageObject","inLanguage":"it-IT","@id":"https:\/\/tonmerckxwielershirts.nl\/it\/maglia-da-ciclismo-retro\/comunita-valenciana-orbea\/#primaryimage","url":"https:\/\/tonmerckxwielershirts.nl\/wp-content\/uploads\/2023\/01\/SSA43781.jpg","contentUrl":"https:\/\/tonmerckxwielershirts.nl\/wp-content\/uploads\/2023\/01\/SSA43781.jpg","width":1704,"height":2272},{"@type":"BreadcrumbList","@id":"https:\/\/tonmerckxwielershirts.nl\/it\/maglia-da-ciclismo-retro\/comunita-valenciana-orbea\/#breadcrumb","itemListElement":[{"@type":"ListItem","position":1,"name":"Home","item":"https:\/\/www.tonmerckxwielershirts.nl\/es\/"},{"@type":"ListItem","position":2,"name":"Retro wielershirts","item":"https:\/\/www.tonmerckxwielershirts.nl\/es\/camisetas-de-ciclismo-retro\/"},{"@type":"ListItem","position":3,"name":"COMUNITAT VALENCIANA (b)-ORBEA 2006 WIELERSHIRT"}]},{"@type":"WebSite","@id":"https:\/\/www.tonmerckxwielershirts.nl\/es\/#website","url":"https:\/\/www.tonmerckxwielershirts.nl\/es\/","name":"Magliette da ciclismo Ton Merckx - Tour nel mondo delle magliette da ciclismo","description":"migliaia di maglie da ciclismo originali - ordina la tua replica!","publisher":{"@id":"https:\/\/www.tonmerckxwielershirts.nl\/es\/#organization"},"potentialAction":[{"@type":"SearchAction","target":{"@type":"EntryPoint","urlTemplate":"https:\/\/www.tonmerckxwielershirts.nl\/es\/?s={search_term_string}"},"query-input":{"@type":"PropertyValueSpecification","valueRequired":true,"valueName":"search_term_string"}}],"inLanguage":"it-IT"},{"@type":"Organization","@id":"https:\/\/www.tonmerckxwielershirts.nl\/es\/#organization","name":"Magliette da ciclismo Ton Merckx - Tour nel mondo delle magliette da ciclismo","url":"https:\/\/www.tonmerckxwielershirts.nl\/es\/","logo":{"@type":"ImageObject","inLanguage":"it-IT","@id":"https:\/\/www.tonmerckxwielershirts.nl\/es\/#\/schema\/logo\/image\/","url":"https:\/\/tonmerckxwielershirts.nl\/wp-content\/uploads\/2023\/03\/ton-merckx-logo.jpg","contentUrl":"https:\/\/tonmerckxwielershirts.nl\/wp-content\/uploads\/2023\/03\/ton-merckx-logo.jpg","width":391,"height":57,"caption":"Ton Merckx Wielershirts - Rondreis door de wereld van wielershirts"},"image":{"@id":"https:\/\/www.tonmerckxwielershirts.nl\/es\/#\/schema\/logo\/image\/"}}]}},"_links":{"self":[{"href":"https:\/\/tonmerckxwielershirts.nl\/it\/wp-json\/wp\/v2\/product\/4685","targetHints":{"allow":["GET"]}}],"collection":[{"href":"https:\/\/tonmerckxwielershirts.nl\/it\/wp-json\/wp\/v2\/product"}],"about":[{"href":"https:\/\/tonmerckxwielershirts.nl\/it\/wp-json\/wp\/v2\/types\/product"}],"wp:featuredmedia":[{"embeddable":true,"href":"https:\/\/tonmerckxwielershirts.nl\/it\/wp-json\/wp\/v2\/media\/4684"}],"wp:attachment":[{"href":"https:\/\/tonmerckxwielershirts.nl\/it\/wp-json\/wp\/v2\/media?parent=4685"}],"wp:term":[{"taxonomy":"product_brand","embeddable":true,"href":"https:\/\/tonmerckxwielershirts.nl\/it\/wp-json\/wp\/v2\/product_brand?post=4685"},{"taxonomy":"product_cat","embeddable":true,"href":"https:\/\/tonmerckxwielershirts.nl\/it\/wp-json\/wp\/v2\/product_cat?post=4685"},{"taxonomy":"product_tag","embeddable":true,"href":"https:\/\/tonmerckxwielershirts.nl\/it\/wp-json\/wp\/v2\/product_tag?post=4685"}],"curies":[{"name":"wp","href":"https:\/\/api.w.org\/{rel}","templated":true}]}}