{"id":1784,"date":"2023-01-24T17:42:04","date_gmt":"2023-01-24T17:42:04","guid":{"rendered":"https:\/\/ton.connectingminds.net\/product\/style-concept-3\/"},"modified":"2026-01-28T12:04:12","modified_gmt":"2026-01-28T11:04:12","slug":"conceito-de-estilo-3","status":"publish","type":"product","link":"https:\/\/tonmerckxwielershirts.nl\/pt\/retro-wielershirt\/style-concept-3\/","title":{"rendered":"ESTILO E CONCEITO (c) TERNO CICLOCROSS 2012-2013"},"content":{"rendered":"<p>Pequena equipe belga de ciclocross com Maxim Debusschere, Jan Denuwelaere e Kevin Vancompernolle.<\/p>\n<p>&nbsp;<\/p>\n<p>N\u00e3o \u00e9 uma equipe com muitas vit\u00f3rias, mas na temporada 2011\/2012 Jan Denuwelare conquistou 1 cruzamento (em Bredene) e nesta temporada tamb\u00e9m conquistou um TV Cross em Essen.<\/p>\n<p>Aconteceu milagrosamente, num sprint final com dois competidores (Stybar e Denuwelaere), Denuwelaere foi derrubado por Stybar a poucos metros da linha de chegada e deslizou para cruzar a linha de chegada logo \u00e0 frente de Niels Albert e Bart Wellens.<\/p>\n<p>Ap\u00f3s an\u00e1lise das imagens da TV, Stybar foi desclassificado e Denuwelaere venceu.<\/p>\n<p><img decoding=\"async\" class=\"alignnone size-medium wp-image-177573\" src=\"https:\/\/tonmerckxwielershirts.nl\/wp-content\/uploads\/2023\/01\/Screenshot-2026-01-16-at-12-56-51-Denuwelaere-wint-na-spectaculaire-veldrit-Wieler-Revue-300x129.png\" alt=\"\" width=\"300\" height=\"129\" srcset=\"https:\/\/tonmerckxwielershirts.nl\/wp-content\/uploads\/2023\/01\/Screenshot-2026-01-16-at-12-56-51-Denuwelaere-wint-na-spectaculaire-veldrit-Wieler-Revue-300x129.png 300w, https:\/\/tonmerckxwielershirts.nl\/wp-content\/uploads\/2023\/01\/Screenshot-2026-01-16-at-12-56-51-Denuwelaere-wint-na-spectaculaire-veldrit-Wieler-Revue-18x8.png 18w, https:\/\/tonmerckxwielershirts.nl\/wp-content\/uploads\/2023\/01\/Screenshot-2026-01-16-at-12-56-51-Denuwelaere-wint-na-spectaculaire-veldrit-Wieler-Revue-600x257.png 600w, https:\/\/tonmerckxwielershirts.nl\/wp-content\/uploads\/2023\/01\/Screenshot-2026-01-16-at-12-56-51-Denuwelaere-wint-na-spectaculaire-veldrit-Wieler-Revue.png 725w\" sizes=\"(max-width: 300px) 100vw, 300px\" \/><\/p>","protected":false},"excerpt":{"rendered":"<p>Kleine Belgische Cyclocrossploeg met Maxim Debusschere, Jan Denuwelaere en Kevin Vancompernolle. &nbsp; Geen ploeg met veel overwinningen, maar in het seizoen 2011\/2012 won Jan Denuwelare 1 cross (in Bredene) en ook in dit seizoen won hij een TV Cross in Essen. Dat gebeurde op miraculeuze wijze, in een sprint met 2 (Stybar &amp; Denuwelaere) werd [&hellip;]<\/p>\n","protected":false},"featured_media":1783,"template":"","meta":[],"product_brand":[],"product_cat":[151],"product_tag":[],"class_list":{"0":"post-1784","1":"product","2":"type-product","3":"status-publish","4":"has-post-thumbnail","6":"product_cat-pro-team","8":"first","9":"onbackorder","10":"taxable","11":"shipping-taxable","12":"purchasable","13":"product-type-variable"},"yoast_head":"<!-- This site is optimized with the Yoast SEO plugin v27.5 - https:\/\/yoast.com\/product\/yoast-seo-wordpress\/ -->\n<title>STYLE &amp; CONCEPT (c)  2012-2013   CYCLOCROSSPAK - Ton Merckx Wielershirts - Rondreis door de wereld van wielershirts<\/title>\n<meta name=\"robots\" content=\"index, follow, max-snippet:-1, max-image-preview:large, max-video-preview:-1\" \/>\n<link rel=\"canonical\" href=\"https:\/\/tonmerckxwielershirts.nl\/pt\/camisa-de-ciclismo-retro\/conceito-de-estilo-3\/\" \/>\n<meta property=\"og:locale\" content=\"pt_PT\" \/>\n<meta property=\"og:type\" content=\"article\" \/>\n<meta property=\"og:title\" content=\"STYLE &amp; CONCEPT (c)  2012-2013   CYCLOCROSSPAK - Ton Merckx Wielershirts - Rondreis door de wereld van wielershirts\" \/>\n<meta property=\"og:description\" content=\"Kleine Belgische Cyclocrossploeg met Maxim Debusschere, Jan Denuwelaere en Kevin Vancompernolle. &nbsp; Geen ploeg met veel overwinningen, maar in het seizoen 2011\/2012 won Jan Denuwelare 1 cross (in Bredene) en ook in dit seizoen won hij een TV Cross in Essen. Dat gebeurde op miraculeuze wijze, in een sprint met 2 (Stybar &amp; Denuwelaere) werd [&hellip;]\" \/>\n<meta property=\"og:url\" content=\"https:\/\/tonmerckxwielershirts.nl\/pt\/camisa-de-ciclismo-retro\/conceito-de-estilo-3\/\" \/>\n<meta property=\"og:site_name\" content=\"Ton Merckx Wielershirts - Rondreis door de wereld van wielershirts\" \/>\n<meta property=\"article:modified_time\" content=\"2026-01-28T11:04:12+00:00\" \/>\n<meta property=\"og:image\" content=\"https:\/\/tonmerckxwielershirts.nl\/wp-content\/uploads\/2023\/01\/SSA45141.jpg\" \/>\n\t<meta property=\"og:image:width\" content=\"1704\" \/>\n\t<meta property=\"og:image:height\" content=\"2272\" \/>\n\t<meta property=\"og:image:type\" content=\"image\/jpeg\" \/>\n<meta name=\"twitter:card\" content=\"summary_large_image\" \/>\n<meta name=\"twitter:label1\" content=\"Tempo estimado de leitura\" \/>\n\t<meta name=\"twitter:data1\" content=\"1 minuto\" \/>\n<script type=\"application\/ld+json\" class=\"yoast-schema-graph\">{\"@context\":\"https:\\\/\\\/schema.org\",\"@graph\":[{\"@type\":\"WebPage\",\"@id\":\"https:\\\/\\\/tonmerckxwielershirts.nl\\\/de\\\/retro-radtrikot\\\/stilkonzept-3\\\/\",\"url\":\"https:\\\/\\\/tonmerckxwielershirts.nl\\\/de\\\/retro-radtrikot\\\/stilkonzept-3\\\/\",\"name\":\"STYLE &amp; CONCEPT (c) 2012-2013 CYCLOCROSSPAK - Ton Merckx Wielershirts - Rondreis door de wereld van wielershirts\",\"isPartOf\":{\"@id\":\"https:\\\/\\\/vintagecycling.store\\\/de\\\/#website\"},\"primaryImageOfPage\":{\"@id\":\"https:\\\/\\\/tonmerckxwielershirts.nl\\\/de\\\/retro-radtrikot\\\/stilkonzept-3\\\/#primaryimage\"},\"image\":{\"@id\":\"https:\\\/\\\/tonmerckxwielershirts.nl\\\/de\\\/retro-radtrikot\\\/stilkonzept-3\\\/#primaryimage\"},\"thumbnailUrl\":\"https:\\\/\\\/tonmerckxwielershirts.nl\\\/wp-content\\\/uploads\\\/2023\\\/01\\\/SSA45141.jpg\",\"datePublished\":\"2023-01-24T17:42:04+00:00\",\"dateModified\":\"2026-01-28T11:04:12+00:00\",\"breadcrumb\":{\"@id\":\"https:\\\/\\\/tonmerckxwielershirts.nl\\\/de\\\/retro-radtrikot\\\/stilkonzept-3\\\/#breadcrumb\"},\"inLanguage\":\"pt-PT\",\"potentialAction\":[{\"@type\":\"ReadAction\",\"target\":[\"https:\\\/\\\/tonmerckxwielershirts.nl\\\/de\\\/retro-radtrikot\\\/stilkonzept-3\\\/\"]}]},{\"@type\":\"ImageObject\",\"inLanguage\":\"pt-PT\",\"@id\":\"https:\\\/\\\/tonmerckxwielershirts.nl\\\/de\\\/retro-radtrikot\\\/stilkonzept-3\\\/#primaryimage\",\"url\":\"https:\\\/\\\/tonmerckxwielershirts.nl\\\/wp-content\\\/uploads\\\/2023\\\/01\\\/SSA45141.jpg\",\"contentUrl\":\"https:\\\/\\\/tonmerckxwielershirts.nl\\\/wp-content\\\/uploads\\\/2023\\\/01\\\/SSA45141.jpg\",\"width\":1704,\"height\":2272},{\"@type\":\"BreadcrumbList\",\"@id\":\"https:\\\/\\\/tonmerckxwielershirts.nl\\\/de\\\/retro-radtrikot\\\/stilkonzept-3\\\/#breadcrumb\",\"itemListElement\":[{\"@type\":\"ListItem\",\"position\":1,\"name\":\"Home\",\"item\":\"https:\\\/\\\/tonmerckxwielershirts.nl\\\/pt\\\/\"},{\"@type\":\"ListItem\",\"position\":2,\"name\":\"Retro wielershirts\",\"item\":\"https:\\\/\\\/tonmerckxwielershirts.nl\\\/pt\\\/camisas-de-ciclismo-retro\\\/\"},{\"@type\":\"ListItem\",\"position\":3,\"name\":\"STYLE &amp; CONCEPT (c) 2012-2013 CYCLOCROSSPAK\"}]},{\"@type\":\"WebSite\",\"@id\":\"https:\\\/\\\/vintagecycling.store\\\/de\\\/#website\",\"url\":\"https:\\\/\\\/vintagecycling.store\\\/de\\\/\",\"name\":\"Ton Merckx Wielershirts - Rondreis door de wereld van wielershirts\",\"description\":\"thousands of original cycling jerseys - order your replica!\",\"publisher\":{\"@id\":\"https:\\\/\\\/vintagecycling.store\\\/de\\\/#organization\"},\"potentialAction\":[{\"@type\":\"SearchAction\",\"target\":{\"@type\":\"EntryPoint\",\"urlTemplate\":\"https:\\\/\\\/vintagecycling.store\\\/de\\\/?s={search_term_string}\"},\"query-input\":{\"@type\":\"PropertyValueSpecification\",\"valueRequired\":true,\"valueName\":\"search_term_string\"}}],\"inLanguage\":\"pt-PT\"},{\"@type\":\"Organization\",\"@id\":\"https:\\\/\\\/vintagecycling.store\\\/de\\\/#organization\",\"name\":\"Ton Merckx Wielershirts - Rondreis door de wereld van wielershirts\",\"url\":\"https:\\\/\\\/vintagecycling.store\\\/de\\\/\",\"logo\":{\"@type\":\"ImageObject\",\"inLanguage\":\"pt-PT\",\"@id\":\"https:\\\/\\\/vintagecycling.store\\\/de\\\/#\\\/schema\\\/logo\\\/image\\\/\",\"url\":\"https:\\\/\\\/tonmerckxwielershirts.nl\\\/wp-content\\\/uploads\\\/2023\\\/03\\\/ton-merckx-logo.jpg\",\"contentUrl\":\"https:\\\/\\\/tonmerckxwielershirts.nl\\\/wp-content\\\/uploads\\\/2023\\\/03\\\/ton-merckx-logo.jpg\",\"width\":391,\"height\":57,\"caption\":\"Ton Merckx Wielershirts - Rondreis door de wereld van wielershirts\"},\"image\":{\"@id\":\"https:\\\/\\\/vintagecycling.store\\\/de\\\/#\\\/schema\\\/logo\\\/image\\\/\"}}]}<\/script>\n<!-- \/ Yoast SEO plugin. -->","yoast_head_json":{"title":"ESTILO E CONCEITO (c) 2012-2013 CYCLOCROSSPAK - Camisas de ciclismo Ton Merckx - Uma viagem pelo mundo das camisas de ciclismo","robots":{"index":"index","follow":"follow","max-snippet":"max-snippet:-1","max-image-preview":"max-image-preview:large","max-video-preview":"max-video-preview:-1"},"canonical":"https:\/\/tonmerckxwielershirts.nl\/pt\/camisa-de-ciclismo-retro\/conceito-de-estilo-3\/","og_locale":"pt_PT","og_type":"article","og_title":"STYLE &amp; CONCEPT (c)  2012-2013   CYCLOCROSSPAK - Ton Merckx Wielershirts - Rondreis door de wereld van wielershirts","og_description":"Kleine Belgische Cyclocrossploeg met Maxim Debusschere, Jan Denuwelaere en Kevin Vancompernolle. &nbsp; Geen ploeg met veel overwinningen, maar in het seizoen 2011\/2012 won Jan Denuwelare 1 cross (in Bredene) en ook in dit seizoen won hij een TV Cross in Essen. Dat gebeurde op miraculeuze wijze, in een sprint met 2 (Stybar &amp; Denuwelaere) werd [&hellip;]","og_url":"https:\/\/tonmerckxwielershirts.nl\/pt\/camisa-de-ciclismo-retro\/conceito-de-estilo-3\/","og_site_name":"Ton Merckx Wielershirts - Rondreis door de wereld van wielershirts","article_modified_time":"2026-01-28T11:04:12+00:00","og_image":[{"width":1704,"height":2272,"url":"https:\/\/tonmerckxwielershirts.nl\/wp-content\/uploads\/2023\/01\/SSA45141.jpg","type":"image\/jpeg"}],"twitter_card":"summary_large_image","twitter_misc":{"Tempo estimado de leitura":"1 minuto"},"schema":{"@context":"https:\/\/schema.org","@graph":[{"@type":"WebPage","@id":"https:\/\/tonmerckxwielershirts.nl\/de\/retro-radtrikot\/stilkonzept-3\/","url":"https:\/\/tonmerckxwielershirts.nl\/de\/retro-radtrikot\/stilkonzept-3\/","name":"ESTILO E CONCEITO (c) 2012-2013 CYCLOCROSS SUIT - Ton Merckx Cycling Jerseys - Tour pelo mundo das camisas de ciclismo","isPartOf":{"@id":"https:\/\/vintagecycling.store\/de\/#website"},"primaryImageOfPage":{"@id":"https:\/\/tonmerckxwielershirts.nl\/de\/retro-radtrikot\/stilkonzept-3\/#primaryimage"},"image":{"@id":"https:\/\/tonmerckxwielershirts.nl\/de\/retro-radtrikot\/stilkonzept-3\/#primaryimage"},"thumbnailUrl":"https:\/\/tonmerckxwielershirts.nl\/wp-content\/uploads\/2023\/01\/SSA45141.jpg","datePublished":"2023-01-24T17:42:04+00:00","dateModified":"2026-01-28T11:04:12+00:00","breadcrumb":{"@id":"https:\/\/tonmerckxwielershirts.nl\/de\/retro-radtrikot\/stilkonzept-3\/#breadcrumb"},"inLanguage":"pt-PT","potentialAction":[{"@type":"ReadAction","target":["https:\/\/tonmerckxwielershirts.nl\/de\/retro-radtrikot\/stilkonzept-3\/"]}]},{"@type":"ImageObject","inLanguage":"pt-PT","@id":"https:\/\/tonmerckxwielershirts.nl\/de\/retro-radtrikot\/stilkonzept-3\/#primaryimage","url":"https:\/\/tonmerckxwielershirts.nl\/wp-content\/uploads\/2023\/01\/SSA45141.jpg","contentUrl":"https:\/\/tonmerckxwielershirts.nl\/wp-content\/uploads\/2023\/01\/SSA45141.jpg","width":1704,"height":2272},{"@type":"BreadcrumbList","@id":"https:\/\/tonmerckxwielershirts.nl\/de\/retro-radtrikot\/stilkonzept-3\/#breadcrumb","itemListElement":[{"@type":"ListItem","position":1,"name":"Home","item":"https:\/\/tonmerckxwielershirts.nl\/pt\/"},{"@type":"ListItem","position":2,"name":"Retro wielershirts","item":"https:\/\/tonmerckxwielershirts.nl\/pt\/camisas-de-ciclismo-retro\/"},{"@type":"ListItem","position":3,"name":"STYLE &amp; CONCEPT (c) 2012-2013 CYCLOCROSSPAK"}]},{"@type":"WebSite","@id":"https:\/\/vintagecycling.store\/de\/#website","url":"https:\/\/vintagecycling.store\/de\/","name":"Camisas de ciclismo Ton Merckx - Tour pelo mundo das camisas de ciclismo","description":"milhares de camisas de ciclismo originais - encomende a sua r\u00e9plica!","publisher":{"@id":"https:\/\/vintagecycling.store\/de\/#organization"},"potentialAction":[{"@type":"SearchAction","target":{"@type":"EntryPoint","urlTemplate":"https:\/\/vintagecycling.store\/de\/?s={search_term_string}"},"query-input":{"@type":"PropertyValueSpecification","valueRequired":true,"valueName":"search_term_string"}}],"inLanguage":"pt-PT"},{"@type":"Organization","@id":"https:\/\/vintagecycling.store\/de\/#organization","name":"Camisas de ciclismo Ton Merckx - Tour pelo mundo das camisas de ciclismo","url":"https:\/\/vintagecycling.store\/de\/","logo":{"@type":"ImageObject","inLanguage":"pt-PT","@id":"https:\/\/vintagecycling.store\/de\/#\/schema\/logo\/image\/","url":"https:\/\/tonmerckxwielershirts.nl\/wp-content\/uploads\/2023\/03\/ton-merckx-logo.jpg","contentUrl":"https:\/\/tonmerckxwielershirts.nl\/wp-content\/uploads\/2023\/03\/ton-merckx-logo.jpg","width":391,"height":57,"caption":"Ton Merckx Wielershirts - Rondreis door de wereld van wielershirts"},"image":{"@id":"https:\/\/vintagecycling.store\/de\/#\/schema\/logo\/image\/"}}]}},"_links":{"self":[{"href":"https:\/\/tonmerckxwielershirts.nl\/pt\/wp-json\/wp\/v2\/product\/1784","targetHints":{"allow":["GET"]}}],"collection":[{"href":"https:\/\/tonmerckxwielershirts.nl\/pt\/wp-json\/wp\/v2\/product"}],"about":[{"href":"https:\/\/tonmerckxwielershirts.nl\/pt\/wp-json\/wp\/v2\/types\/product"}],"wp:featuredmedia":[{"embeddable":true,"href":"https:\/\/tonmerckxwielershirts.nl\/pt\/wp-json\/wp\/v2\/media\/1783"}],"wp:attachment":[{"href":"https:\/\/tonmerckxwielershirts.nl\/pt\/wp-json\/wp\/v2\/media?parent=1784"}],"wp:term":[{"taxonomy":"product_brand","embeddable":true,"href":"https:\/\/tonmerckxwielershirts.nl\/pt\/wp-json\/wp\/v2\/product_brand?post=1784"},{"taxonomy":"product_cat","embeddable":true,"href":"https:\/\/tonmerckxwielershirts.nl\/pt\/wp-json\/wp\/v2\/product_cat?post=1784"},{"taxonomy":"product_tag","embeddable":true,"href":"https:\/\/tonmerckxwielershirts.nl\/pt\/wp-json\/wp\/v2\/product_tag?post=1784"}],"curies":[{"name":"wp","href":"https:\/\/api.w.org\/{rel}","templated":true}]}}